{"id":592,"date":"2021-05-29T10:38:03","date_gmt":"2021-05-29T08:38:03","guid":{"rendered":"https:\/\/kultura.koczala.pl\/gok\/?post_type=aktualnosci&#038;p=592"},"modified":"2021-05-29T10:38:03","modified_gmt":"2021-05-29T08:38:03","slug":"ogolnopolski-konkurs-plastyczny-kwiaty-w-naturze-i-przestrzeni-wyniki","status":"publish","type":"aktualnosci","link":"https:\/\/kultura.koczala.pl\/gok\/aktualnosci\/ogolnopolski-konkurs-plastyczny-kwiaty-w-naturze-i-przestrzeni-wyniki\/","title":{"rendered":"Og\u00f3lnopolski Konkurs Plastyczny &#8222;Kwiaty w naturze i przestrzeni&#8221; &#8211; wyniki"},"content":{"rendered":"\n<p>Gminny O\u015brodek Kultury w Koczale informuje, \u017ce zosta\u0142 rozstrzygni\u0119ty Og\u00f3lnopolski Konkurs Plastyczny \u201eKWIATY W NATURZE I PRZESTRZENI\u201d. Do konkursu zg\u0142oszono \u0142\u0105cznie 29 prac w trzech kategoriach: uczniowie klas IV-VIII, uczniowie szk\u00f3\u0142 ponadpodstawowych do lat 18 oraz kategorii dodatkowej dla os\u00f3b z niepe\u0142nosprawno\u015bci\u0105, kt\u00f3re wykaza\u0142y zainteresowanie konkursem i otrzymaj\u0105 nagrody rzeczowe.<\/p>\n\n\n\n<p>Do oceny prac konkursowych zosta\u0142o powo\u0142ane Jury w sk\u0142adzie:<\/p>\n\n\n\n<p>Pani Danuta \u0141uczkiewicz \u2013 Przewodnicz\u0105ca Jury \u2013 malarka, absolwentka Pa\u0144stwowej Wy\u017cszej Szko\u0142y Sztuk Plastycznych w Gda\u0144sku.<\/p>\n\n\n\n<p>Pani Jolanta Sylwia Wysocka \u2013 Dyrektor Gminnego O\u015brodka Kultury w Koczale, plastyk.<\/p>\n\n\n\n<p>Pani Helena Zab\u0142o\u0144ska \u2013 wieloletni pedagog, plastyk.<\/p>\n\n\n\n<p>Decyzj\u0105 Jury zosta\u0142y przyznane nagrody nast\u0119puj\u0105cym uczestnikom konkursu:<\/p>\n\n\n\n<p><strong>KATEGORIA I &#8211;&nbsp; uczniowie klas IV-VIII<\/strong><\/p>\n\n\n\n<p>1 miejsce \u2013 Konstancja Wi\u015bniewska (Gdynia)<\/p>\n\n\n\n<p>2 miejsce \u2013 Micha\u0142 Kowal (Kocza\u0142a)<\/p>\n\n\n\n<p>3 miejsce \u2013 Agata Raczyk (Wroc\u0142aw)<\/p>\n\n\n\n<p><strong>KATEGORIA II &#8211; uczniowie szk\u00f3\u0142 ponadpodstawowych do lat 18<\/strong><\/p>\n\n\n\n<p>1 miejsce \u2013 Maja Nowakowska (Koszalin)<\/p>\n\n\n\n<p>2 miejsce \u2013 Amelia Sabatowska (Gdynia)<\/p>\n\n\n\n<p>2 miejsce \u2013 Kinga \u017buchowska (Koszalin) \u2013 nagroda ufundowana przez Nadle\u015bnictwo Nied\u017awiady z siedzib\u0105 w Przechlewie w kwocie zgodnej z regulaminem konkursu.<\/p>\n\n\n\n<p>3 miejsce \u2013 Adrianna Wi\u0105cek (Koszalin)<\/p>\n\n\n\n<p><strong>KATEGORIA III \u2013 osoby z niepe\u0142nosprawno\u015bci\u0105 (otrzymuj\u0105 nagrody rzeczowe)<\/strong><\/p>\n\n\n\n<p>1 miejsce \u2013 Rafa\u0142 \u0141asak<\/p>\n\n\n\n<p>2 miejsce \u2013 Przemys\u0142aw Nowak<\/p>\n\n\n\n<p>2 miejsce \u2013 Dominik Prorok<\/p>\n\n\n\n<p>3 miejsce \u2013 Agnieszka Czarny<\/p>\n\n\n\n<p>Wyr\u00f3\u017cnienie \u2013 Rafa\u0142 Hudziak<\/p>\n\n\n\n<p>Prace nades\u0142ane przez Specjalny O\u015brodek Szkolno-Wychowawczy w Makowie Podhala\u0144skim.<\/p>\n\n\n\n<p>Z&nbsp;Laureatami konkursu b\u0119dziemy si\u0119 kontaktowa\u0107 w przysz\u0142ym tygodniu w&nbsp;sprawie przekazania nagr\u00f3d.<\/p>\n\n\n\n<p>Wszystkim uczestnikom konkursu dzi\u0119kujemy za\u00a0udzia\u0142 i\u00a0gratulujemy. Podzi\u0119kowania kierujemy tak\u017ce do\u00a0instruktor\u00f3w, nauczycieli oraz\u00a0rodzic\u00f3w za pomoc okazan\u0105 uczestnikom konkursu.<\/p>\n\n\n\n<figure class=\"wp-block-image size-large\"><a href=\"https:\/\/kultura.koczala.pl\/gok\/wp-content\/uploads\/sites\/4\/2021\/05\/Konstancja-Wisniewska-katI-m1-scaled.jpg\"><img loading=\"lazy\" decoding=\"async\" width=\"1024\" height=\"729\" src=\"https:\/\/kultura.koczala.pl\/gok\/wp-content\/uploads\/sites\/4\/2021\/05\/Konstancja-Wisniewska-katI-m1-1024x729.jpg\" alt=\"\" class=\"wp-image-593\" srcset=\"https:\/\/kultura.koczala.pl\/gok\/wp-content\/uploads\/sites\/4\/2021\/05\/Konstancja-Wisniewska-katI-m1-1024x729.jpg 1024w, https:\/\/kultura.koczala.pl\/gok\/wp-content\/uploads\/sites\/4\/2021\/05\/Konstancja-Wisniewska-katI-m1-300x214.jpg 300w, https:\/\/kultura.koczala.pl\/gok\/wp-content\/uploads\/sites\/4\/2021\/05\/Konstancja-Wisniewska-katI-m1-768x547.jpg 768w, https:\/\/kultura.koczala.pl\/gok\/wp-content\/uploads\/sites\/4\/2021\/05\/Konstancja-Wisniewska-katI-m1-1536x1094.jpg 1536w, https:\/\/kultura.koczala.pl\/gok\/wp-content\/uploads\/sites\/4\/2021\/05\/Konstancja-Wisniewska-katI-m1-2048x1459.jpg 2048w\" sizes=\"(max-width: 1024px) 100vw, 1024px\" \/><\/a><figcaption>Konstancja Wi\u015bniewska &#8222;Polne kwiaty&#8221;, kategoria I, 1 miejsce <\/figcaption><\/figure>\n\n\n\n<figure class=\"wp-block-image size-large\"><a href=\"https:\/\/kultura.koczala.pl\/gok\/wp-content\/uploads\/sites\/4\/2021\/05\/Maja-Nowakowska-katII-m1-scaled.jpg\"><img loading=\"lazy\" decoding=\"async\" width=\"718\" height=\"1024\" src=\"https:\/\/kultura.koczala.pl\/gok\/wp-content\/uploads\/sites\/4\/2021\/05\/Maja-Nowakowska-katII-m1-718x1024.jpg\" alt=\"\" class=\"wp-image-594\" srcset=\"https:\/\/kultura.koczala.pl\/gok\/wp-content\/uploads\/sites\/4\/2021\/05\/Maja-Nowakowska-katII-m1-718x1024.jpg 718w, https:\/\/kultura.koczala.pl\/gok\/wp-content\/uploads\/sites\/4\/2021\/05\/Maja-Nowakowska-katII-m1-210x300.jpg 210w, https:\/\/kultura.koczala.pl\/gok\/wp-content\/uploads\/sites\/4\/2021\/05\/Maja-Nowakowska-katII-m1-768x1095.jpg 768w, https:\/\/kultura.koczala.pl\/gok\/wp-content\/uploads\/sites\/4\/2021\/05\/Maja-Nowakowska-katII-m1-1077x1536.jpg 1077w, https:\/\/kultura.koczala.pl\/gok\/wp-content\/uploads\/sites\/4\/2021\/05\/Maja-Nowakowska-katII-m1-1436x2048.jpg 1436w, https:\/\/kultura.koczala.pl\/gok\/wp-content\/uploads\/sites\/4\/2021\/05\/Maja-Nowakowska-katII-m1-scaled.jpg 1796w\" sizes=\"(max-width: 718px) 100vw, 718px\" \/><\/a><figcaption>Maja Nowakowska &#8222;Schronienie&#8221;, kategoria II, 1 miejsce<\/figcaption><\/figure>\n\n\n\n<p><\/p>\n\n\n\n<figure class=\"wp-block-image size-large\"><a href=\"https:\/\/kultura.koczala.pl\/gok\/wp-content\/uploads\/sites\/4\/2021\/05\/Rafal-Lasak-katIII-m1-scaled.jpg\"><img loading=\"lazy\" decoding=\"async\" width=\"719\" height=\"1024\" src=\"https:\/\/kultura.koczala.pl\/gok\/wp-content\/uploads\/sites\/4\/2021\/05\/Rafal-Lasak-katIII-m1-719x1024.jpg\" alt=\"\" class=\"wp-image-595\" srcset=\"https:\/\/kultura.koczala.pl\/gok\/wp-content\/uploads\/sites\/4\/2021\/05\/Rafal-Lasak-katIII-m1-719x1024.jpg 719w, https:\/\/kultura.koczala.pl\/gok\/wp-content\/uploads\/sites\/4\/2021\/05\/Rafal-Lasak-katIII-m1-211x300.jpg 211w, https:\/\/kultura.koczala.pl\/gok\/wp-content\/uploads\/sites\/4\/2021\/05\/Rafal-Lasak-katIII-m1-768x1094.jpg 768w, https:\/\/kultura.koczala.pl\/gok\/wp-content\/uploads\/sites\/4\/2021\/05\/Rafal-Lasak-katIII-m1-1078x1536.jpg 1078w, https:\/\/kultura.koczala.pl\/gok\/wp-content\/uploads\/sites\/4\/2021\/05\/Rafal-Lasak-katIII-m1-1438x2048.jpg 1438w, https:\/\/kultura.koczala.pl\/gok\/wp-content\/uploads\/sites\/4\/2021\/05\/Rafal-Lasak-katIII-m1-scaled.jpg 1797w\" sizes=\"(max-width: 719px) 100vw, 719px\" \/><\/a><figcaption>Rafa\u0142 \u0141asak &#8222;Makowe pole&#8221;, III kategoria, 1 miejsce<\/figcaption><\/figure>\n","protected":false},"author":3,"featured_media":536,"parent":0,"template":"","_links":{"self":[{"href":"https:\/\/kultura.koczala.pl\/gok\/wp-json\/wp\/v2\/aktualnosci\/592"}],"collection":[{"href":"https:\/\/kultura.koczala.pl\/gok\/wp-json\/wp\/v2\/aktualnosci"}],"about":[{"href":"https:\/\/kultura.koczala.pl\/gok\/wp-json\/wp\/v2\/types\/aktualnosci"}],"author":[{"embeddable":true,"href":"https:\/\/kultura.koczala.pl\/gok\/wp-json\/wp\/v2\/users\/3"}],"version-history":[{"count":1,"href":"https:\/\/kultura.koczala.pl\/gok\/wp-json\/wp\/v2\/aktualnosci\/592\/revisions"}],"predecessor-version":[{"id":596,"href":"https:\/\/kultura.koczala.pl\/gok\/wp-json\/wp\/v2\/aktualnosci\/592\/revisions\/596"}],"wp:featuredmedia":[{"embeddable":true,"href":"https:\/\/kultura.koczala.pl\/gok\/wp-json\/wp\/v2\/media\/536"}],"wp:attachment":[{"href":"https:\/\/kultura.koczala.pl\/gok\/wp-json\/wp\/v2\/media?parent=592"}],"curies":[{"name":"wp","href":"https:\/\/api.w.org\/{rel}","templated":true}]}}